{"id":149,"date":"2023-10-17T16:23:55","date_gmt":"2023-10-17T14:23:55","guid":{"rendered":"https:\/\/cyril-nahon.com\/skinlys\/?page_id=149"},"modified":"2023-11-08T16:01:13","modified_gmt":"2023-11-08T15:01:13","slug":"mentions-legales","status":"publish","type":"page","link":"https:\/\/cyril-nahon.com\/skinlys\/fr\/mentions-legales\/","title":{"rendered":"Mentions l\u00e9gales"},"content":{"rendered":"<p>PROPRI\u00c9TAIRE DU SITE<\/p>\n<p>SKINLYS SAS<\/p>\n<p>23 Rte des Graves<\/p>\n<p>24680 Lamonzie-Saint-Martin<\/p>\n<p>T\u00e9l. : 05 53 22 40 60<\/p>\n<p>E-mail : info@skinlys.com<\/p>\n<p>Siret : 795 084 466 00031<\/p>\n<p>Capital social : 3 266 403,00 \u20ac<\/p>\n<p>Repr\u00e9sentant l\u00e9gal : M. Zsolt Rendetzki<\/p>\n<p>&nbsp;<\/p>\n<p>H\u00e9bergement : OVH (?)<\/p>\n<p>Conception r\u00e9alisation : Collectif WOODY<\/p>\n<p>&nbsp;<\/p>\n<p>CONDITIONS GENERALES D\u2019UTILISATION PROPRI\u00c9T\u00c9 INTELLECTUELLE ET DROIT D\u2019UTILISATION<\/p>\n<p>Le contenu de ce site est prot\u00e9g\u00e9 par la propri\u00e9t\u00e9 litt\u00e9raire et artistique, la convention de Berne et le code de la propri\u00e9t\u00e9 intellectuelle, Livre I.<br \/>\nToute reproduction, autrement que pour l\u2019usage priv\u00e9 de l\u2019utilisateur du site en vue notamment d\u2019une diffusion publique par n\u2019importe quel moyen est strictement interdite sans l\u2019autorisation pr\u00e9alable et \u00e9crite du webmestre du site.<br \/>\nToute repr\u00e9sentation, modification, publication, transmission, d\u00e9naturation totale ou partielle du site ou de son contenu, par quelque proc\u00e9d\u00e9 que ce soit et sur quelque support que ce soit est interdite.<br \/>\nToute exploitation non autoris\u00e9e du site ou de son contenu, des informations qui y sont divulgu\u00e9es engagerait la responsabilit\u00e9 de l\u2019utilisateur et constituerait une contrefa\u00e7on sanctionn\u00e9e par les articles L 335-2 et suivants du Code de la Propri\u00e9t\u00e9 Intellectuelle.<br \/>\nIl en est de m\u00eame des bases de donn\u00e9es figurant, le cas \u00e9ch\u00e9ant, sur le site Internet de l\u2019\u00e9diteur qui sont prot\u00e9g\u00e9es par les dispositions de la loi du 1er juillet 1998 portant transposition dans le Code de la Propri\u00e9t\u00e9 Intellectuelle de la Directive Europ\u00e9enne du 11 mars 1996 relative \u00e0 la protection juridique des bases de donn\u00e9es. A ce titre, toute reproduction ou extraction engagerait la responsabilit\u00e9 de l\u2019utilisateur.<br \/>\nLes marques de l\u2019\u00e9diteur ainsi que les logos figurant sur le site sont prot\u00e9g\u00e9s.<br \/>\nToute reproduction ou repr\u00e9sentation totale ou partielle de ces marques ou de ces logos, seules ou int\u00e9gr\u00e9es \u00e0 d\u2019autres \u00e9l\u00e9ments sans l\u2019autorisation expresse et pr\u00e9alable de l\u2019\u00e9diteur est prohib\u00e9e et engagerait la responsabilit\u00e9 de l\u2019utilisateur au sens des articles L 713-2 et L 713-3 du Code de la Propri\u00e9t\u00e9 Intellectuelle.<\/p>\n<p>L\u2019utilisateur s\u2019engage, sous peine de voir sa responsabilit\u00e9 civile et\/ ou p\u00e9nale engag\u00e9e, \u00e0 ne pas utiliser le site Internet de l\u2019\u00e9diteur pour :<br \/>\n&#8211; transmettre par quelque proc\u00e9d\u00e9 que ce soit (e-mail ou autres), tout contenu incluant des programmes, des codes, des virus etc. destin\u00e9s \u00e0 d\u00e9truire ou limiter les fonctionnalit\u00e9s du site Internet de l\u2019\u00e9diteur.<br \/>\n&#8211; transmettre par quelque proc\u00e9d\u00e9 que ce soit (e-mail ou autres) dans les services interactifs propos\u00e9s sur le site Internet de l\u2019\u00e9diteur, tout contenu illicite ou nuisible, et notamment des messages \u00e0 caract\u00e8re injurieux, insultant, diffamant, d\u00e9nigrant, d\u00e9gradant, raciste, x\u00e9nophobe, sexiste, pornographique, mena\u00e7ant ou qui pourrait inciter \u00e0 la haine ou au harc\u00e8lement et qui irait \u00e0 l\u2019encontre du droit au respect de la vie priv\u00e9e ou sans rapport avec les th\u00e8mes propos\u00e9s,<br \/>\ntransmettre par quelque proc\u00e9d\u00e9 que ce soit, tout contenu violant les droits de la propri\u00e9t\u00e9 intellectuelle, industrielle, les droits de la personne, etc.<br \/>\nL\u2019\u00e9diteur se r\u00e9serve la facult\u00e9, dans le cadre de ses services interactifs, de supprimer imm\u00e9diatement et sans mise en demeure pr\u00e9alable, tout contenu de quelque nature que ce soit, et notamment tout message, texte, image graphisme etc. qui contreviendrait aux lois et r\u00e8glements en vigueur et notamment les r\u00e9glementations d\u00e9crites ci-dessus.<\/p>\n<p>Dans l\u2019hypoth\u00e8se o\u00f9 un utilisateur souhaiterait utiliser un des contenus du site (texte, image etc.), il s\u2019engage \u00e0 requ\u00e9rir l\u2019autorisation pr\u00e9alable et \u00e9crite de l\u2019\u00e9diteur en envoyant un courriel au webmestre \u00e0 l\u2019adresse suivante : info@skinlys.com<\/p>\n<p>CR\u00c9DITS PHOTOS &amp; VID\u00c9O<\/p>\n<p>Skinlys \/ Spicy Motion \/ Anne Payot \/ Shutterstock \/ Freepik<\/p>\n<p>Droit applicable<br \/>\nLes pr\u00e9sentes conditions g\u00e9n\u00e9rales sont soumises au droit interne fran\u00e7ais. La langue des conditions g\u00e9n\u00e9rales est la langue fran\u00e7aise. En cas de litige, les tribunaux fran\u00e7ais seront seuls comp\u00e9tents.<br \/>\nL\u2019\u00e9diteur se r\u00e9serve le droit de modifier et mettre \u00e0 jour \u00e0 tout moment l\u2019acc\u00e8s au site ainsi que les pr\u00e9sentes conditions g\u00e9n\u00e9rales. Ces modifications et mises \u00e0 jour s\u2019imposent \u00e0 l\u2019utilisateur qui doit en cons\u00e9quence se r\u00e9f\u00e9rer r\u00e9guli\u00e8rement \u00e0 cette rubrique pour v\u00e9rifier les conditions g\u00e9n\u00e9rales en vigueur.<\/p>\n<p>Informations contenues sur le site<br \/>\nLes documents et informations que l\u2019\u00e9diteur diffuse en version \u00e9lectronique sur ce site font l\u2019objet de nombreuses relectures ; ils peuvent toutefois contenir des erreurs. Si vous en constatez n\u2019h\u00e9sitez pas \u00e0 le faire savoir en contactant le webmestre de ce site, afin qu\u2019il soit proc\u00e9d\u00e9 aux rectifications correspondantes.<\/p>\n<p>Les informations communiqu\u00e9es sur ce site sont fournies \u00e0 titre indicatif, elles sont non contractuelles et ne sauraient engager la responsabilit\u00e9 de l\u2019\u00e9diteur. Elles peuvent \u00eatre modifi\u00e9es ou mises \u00e0 jour sans pr\u00e9avis. L\u2019\u00e9diteur se r\u00e9serve \u00e9galement le droit, \u00e0 tout moment et sans pr\u00e9avis, d\u2019apporter des am\u00e9liorations et\/ou modifications au site www.skynlis.com<\/p>\n<p>L\u2019\u00e9diteur ne saurait \u00eatre tenu responsable d\u2019\u00e9ventuels dommages directs ou indirects pouvant d\u00e9couler de l\u2019acc\u00e8s ou utilisation de ce site, ou d\u2019un dommage ou virus qui pourrait affecter l\u2019ordinateur ou autre mat\u00e9riel informatique de l\u2019utilisateur. Plus g\u00e9n\u00e9ralement l\u2019\u00e9diteur n\u2019assure aucune garantie, expresse ou tacite, concernant tout, ou partie, du site.<\/p>\n<p>Respect de la r\u00e9glementation informatique et libert\u00e9s par l\u2019utilisateur du site L\u2019utilisateur doit s\u2019abstenir, s\u2019agissant des donn\u00e9es \u00e0 caract\u00e8re personnel auxquelles il acc\u00e8de, de toute collecte, de toute utilisation d\u00e9tourn\u00e9e et d\u2019une mani\u00e8re g\u00e9n\u00e9rale de tout acte susceptible de porter atteinte \u00e0 la vie priv\u00e9e ou \u00e0 la r\u00e9putation des personnes.<\/p>\n<p>Excercice des droits d\u2019acc\u00e8s, de rectification et d\u2019opposition \u00e0 figurer dans un traitement informatique L\u2019utilisateur du site est inform\u00e9 que : Il dispose, conform\u00e9ment \u00e0 la loi n\u00b078-17 du 6 janvier 1978 (modifi\u00e9e par la loi n\u00b02004-801 du 6 Ao\u00fbt 2004) et son d\u00e9cret d\u2019application n\u00b02005-1309 du 20 octobre 2005 (modifi\u00e9 par le d\u00e9cret n\u00b02007-451 du 25 mars 2007), de droits d\u2019acc\u00e8s, de rectification et d\u2019opposition sur les donn\u00e9es le concernant.<\/p>\n<p>Ces droits peuvent \u00eatre exerc\u00e9s par courrier, \u00e0 l\u2019adresse suivante :<\/p>\n<p>SKINLYS SAS &#8211; 23 route des graves, 24680 Lamonzie-Saint-Martin<\/p>\n<p>Pour toute question ou r\u00e9clamation, merci d\u2019envoyer un mail au webmestre du site.<\/p>\n<p>COOKIES<\/p>\n<p>L\u2019utilisateur est inform\u00e9 que lors de ses visites un \u00ab Cookie \u00bb (petit fichier texte stock\u00e9 par le navigateur Web sur le disque dur de votre ordinateur) sera automatiquement install\u00e9.<\/p>\n<p>Il ne permet pas d\u2019identifier l\u2019utilisateur mais sert \u00e0 enregistrer des informations relatives \u00e0 la navigation de celui-ci sur le site. L\u2019utilisation du cookie a pour finalit\u00e9 de proc\u00e9der \u00e0 des analyses de fr\u00e9quentation, mesures d\u2019audience etc\u2026afin d\u2019am\u00e9liorer la qualit\u00e9 du site.<\/p>\n<p>Il est donc n\u00e9cessaire d\u2019autoriser l\u2019utilisation des Cookies pour ce site. Le Cookie utilis\u00e9 expire \u00e0 la fin de la session Utilisateur : les informations recueillies sont d\u00e9truites lors de la fermeture du navigateur.<\/p>\n<p>L\u2019utilisateur a la possibilit\u00e9 de g\u00e9rer le niveau d\u2019autorisation d\u2019enregistrement de Cookies sur son ordinateur en configurant son navigateur de la fa\u00e7on suivante :<\/p>\n<p>Pour Mozilla Firefox :<\/p>\n<p>Choisissez le menu \u00ab outil \u00bb puis \u00ab Options \u00bb<br \/>\nCliquez sur l\u2019ic\u00f4ne \u00ab vie priv\u00e9e \u00bb<br \/>\nRep\u00e9rez le menu \u00ab cookie \u00bb et s\u00e9lectionnez les options qui vous conviennent<br \/>\nPour Microsoft Internet Explorer :<\/p>\n<p>Choisissez le menu \u00ab Outils \u00bbpuis \u00ab Options Internet \u00bb<br \/>\nCliquez sur l\u2019onglet \u00ab Confidentialit\u00e9 \u00bb<br \/>\nS\u00e9lectionnez le niveau souhait\u00e9 \u00e0 l\u2019aide du curseur.<br \/>\nPour Op\u00e9ra 6.0 et au-del\u00e0 :<\/p>\n<p>Choisissez le menu \u00ab Fichier \u00bb&gt; \u00bbPr\u00e9f\u00e9rences \u00bb<br \/>\nVie Priv\u00e9e<br \/>\nLiens hypertexte<br \/>\nLes liens hypertexte mis en place dans le cadre de ce site en direction d\u2019autres sites Internet ont fait l\u2019objet d\u2019une autorisation pr\u00e9alable et expresse.<\/p>\n<p>Toutefois, l\u2019\u00e9diteur n\u2019\u00e9tant pas l\u2019\u00e9diteur de ces sites, il ne peut en contr\u00f4ler le contenu. En cons\u00e9quence, l\u2019\u00e9diteur ne pourra en aucun cas \u00eatre tenu pour responsable du contenu des sites ainsi accessibles, ou d\u2019\u00e9ventuelles collectes et transmission de donn\u00e9es personnelles, installation de cookies ou tout autre proc\u00e9d\u00e9 tendant aux m\u00eames fins, effectu\u00e9s par ces sites.<\/p>\n<p>Les utilisateurs du site Internet de l\u2019\u00e9diteur ne peuvent en aucun cas mettre en place un lien hypertexte en direction du site Internet de l\u2019\u00e9diteur sans l\u2019autorisation \u00e9crite et pr\u00e9alable de l\u2019\u00e9diteur. Toute demande tendant \u00e0 cette fin doit \u00eatre adress\u00e9e au webmestre du site.<\/p>\n","protected":false},"excerpt":{"rendered":"<p>PROPRI\u00c9TAIRE DU SITE SKINLYS SAS 23 Rte des Graves 24680 Lamonzie-Saint-Martin T\u00e9l. : 05 53 22 40 60 E-mail : info@skinlys.com Siret : 795 084 466 00031 Capital social : 3 266 403,00 \u20ac Repr\u00e9sentant l\u00e9gal : M. Zsolt Rendetzki &nbsp; H\u00e9bergement : OVH (?) Conception r\u00e9alisation : Collectif WOODY &nbsp; CONDITIONS GENERALES D\u2019UTILISATION PROPRI\u00c9T\u00c9&#8230;&nbsp;<a class=\"excerpt_more\" href=\"https:\/\/cyril-nahon.com\/skinlys\/fr\/mentions-legales\/\">Lire la suite <span class=\"meta-nav\">&rarr;<\/span><\/a><\/p>\n","protected":false},"author":1,"featured_media":0,"parent":0,"menu_order":0,"comment_status":"closed","ping_status":"closed","template":"","meta":{"footnotes":""},"class_list":["post-149","page","type-page","status-publish","hentry"],"_links":{"self":[{"href":"https:\/\/cyril-nahon.com\/skinlys\/wp-json\/wp\/v2\/pages\/149","targetHints":{"allow":["GET"]}}],"collection":[{"href":"https:\/\/cyril-nahon.com\/skinlys\/wp-json\/wp\/v2\/pages"}],"about":[{"href":"https:\/\/cyril-nahon.com\/skinlys\/wp-json\/wp\/v2\/types\/page"}],"author":[{"embeddable":true,"href":"https:\/\/cyril-nahon.com\/skinlys\/wp-json\/wp\/v2\/users\/1"}],"replies":[{"embeddable":true,"href":"https:\/\/cyril-nahon.com\/skinlys\/wp-json\/wp\/v2\/comments?post=149"}],"version-history":[{"count":2,"href":"https:\/\/cyril-nahon.com\/skinlys\/wp-json\/wp\/v2\/pages\/149\/revisions"}],"predecessor-version":[{"id":362,"href":"https:\/\/cyril-nahon.com\/skinlys\/wp-json\/wp\/v2\/pages\/149\/revisions\/362"}],"wp:attachment":[{"href":"https:\/\/cyril-nahon.com\/skinlys\/wp-json\/wp\/v2\/media?parent=149"}],"curies":[{"name":"wp","href":"https:\/\/api.w.org\/{rel}","templated":true}]}}